{"id":147,"date":"2014-07-23T12:37:35","date_gmt":"2014-07-23T11:37:35","guid":{"rendered":"http:\/\/psychomotricien-lille.fr\/?page_id=147"},"modified":"2024-09-05T13:42:04","modified_gmt":"2024-09-05T12:42:04","slug":"en-savoir-plus","status":"publish","type":"page","link":"http:\/\/psychomotricien-lille.fr\/?page_id=147","title":{"rendered":"Psychomotricit\u00e9"},"content":{"rendered":"<hr \/>\n<h2 style=\"text-align: center;\"><strong data-rich-text-format-boundary=\"true\">C&rsquo;EST QUOI ?<\/strong><\/h2>\n<hr \/>\n<p style=\"text-align: justify;\"><strong>La psychomotricit\u00e9 est une approche holistique de la personne o\u00f9 les interactions entre la vie psychique (\u00e9motions, compr\u00e9hension, imagination, intention, inconscient\u2026), le d\u00e9veloppement moteur, sensoriel et perceptivo-moteur (tonus, postures, mouvements\u2026) sont constantes.<\/strong><\/p>\n<p style=\"text-align: justify;\">Le mat\u00e9riel clinique des psychomotriciens repose sur l\u2019\u00e9valuation de diff\u00e9rentes notions : l\u2019axe corporel, la perception sensori-motrice, la m\u00e9moire corporelle, le tonus, la lat\u00e9ralit\u00e9, le sch\u00e9ma corporel, l\u2019image du corps, l\u2019espace, le temps, les coordinations, les praxies.<\/p>\n<p style=\"text-align: justify;\">La globalit\u00e9 psychomotrice du patient est consid\u00e9r\u00e9e, ce dernier \u00e9tant plus que la somme de ces diff\u00e9rents \u00e9l\u00e9ments qui interagissent entre eux.<\/p>\n<hr size=\"2\" \/>\n<h2 style=\"text-align: center;\">BILAN PSYCHOMOTEUR<\/h2>\n<hr size=\"2\" \/>\n<p><strong>Le bilan psychomoteur est un acte de participation au diagnostic m\u00e9dical. Il permet d\u2019\u00e9valuer l\u2019activit\u00e9 psychomotrice ; \u00e9quilibre, coordination, lat\u00e9ralit\u00e9, tonus, capacite d\u2019attention, sch\u00e9ma corporel. La capacite \u00e0 se repr\u00e9senter son corps, l\u2019espace et le temps. La qualit\u00e9 des modes de relation que la personne instaure avec son environnement.<\/strong><\/p>\n<p style=\"text-align: justify;\">Le bilan psychomoteur se d\u00e9roule sur 2 ou 3 s\u00e9ances et aboutit \u00e0 un compte-rendu r\u00e9dig\u00e9. Il est r\u00e9alis\u00e9 \u00e0 l\u2019issue d\u2019un ENTRETIEN PREALABLE. Ce dernier permet de recevoir les attentes du patient et\/ou de sa famille, de pr\u00e9ciser les difficult\u00e9s pr\u00e9sent\u00e9es ainsi que l\u2019historique m\u00e9dical et de constater ensemble si les techniques propos\u00e9es peuvent bien r\u00e9pondre aux besoins.<\/p>\n<p style=\"text-align: justify;\">Dans certaines situations, il peut \u00eatre propos\u00e9 une autre orientation.<\/p>\n<p style=\"text-align: justify;\">Cet entretien peut aussi \u00eatre propos\u00e9 aux patients souhaitant faire le point de leur situation et aux parents en recherche de rep\u00e8res pour accompagner leur enfant sans perspective de travail psychomoteur associ\u00e9.<\/p>\n<hr size=\"2\" \/>\n<h2 style=\"text-align: center;\">SEANCES<\/h2>\n<hr size=\"2\" \/>\n<p style=\"text-align: justify;\"><strong>La dur\u00e9e des s\u00e9ances varient entre 40 et 60 minutes selon l\u2019\u00e2ge, les besoins et la technique abord\u00e9e.<\/strong><\/p>\n<p style=\"text-align: justify;\"><strong>Nos formations nous ouvrent \u00e0 la connaissance du d\u00e9veloppement des diff\u00e9rentes fonctions psychomotrices, cognitives et psycho-affectives selon les \u00e2ges, et, \u00e0 la neurophysiologie des boucles sensori-neuromotrices.<\/strong><\/p>\n<p style=\"text-align: justify;\"><strong>Les s\u00e9ances sont respectueuses des possibilit\u00e9s et limites de chacun et se d\u00e9roulent dans un climat de confiance mutuelle la r\u00e9gularit\u00e9 des s\u00e9ances est n\u00e9cessaire \u00e0 l\u2019obtention de r\u00e9sultats fiables dans la dur\u00e9e.<\/strong><\/p>\n<p style=\"text-align: justify;\">Dipl\u00f4m\u00e9 d\u2019Etat, le psychomotricien est un auxiliaire de la m\u00e9decine.<\/p>\n<p style=\"text-align: justify;\">L\u2019exercice professionnel du psychomotricien est r\u00e9glement\u00e9 par le d\u00e9cret n\u00b0 88-659. Du 6 mai 1988.<\/p>\n<p style=\"text-align: justify;\">Les s\u00e9ances ne b\u00e9n\u00e9ficient pas de remboursement de la CPAM. Certaines mutuelles proposent une participation. Une allocation sp\u00e9ciale peut \u00eatre allou\u00e9e par la MDPH en cas de handicap.<\/p>\n<hr size=\"2\" \/>\n<h2 style=\"text-align: center;\">HONORAIRES<\/h2>\n<hr size=\"2\" \/>\n<p style=\"text-align: justify;\">ENTRETIEN PR\u00c9ALABLE &#8211; <strong>6<\/strong><strong>0 \u20ac <\/strong><\/p>\n<p style=\"text-align: justify;\">BILAN PSYCHOMOTEUR &#8211; <strong>180 \u20ac<\/strong><\/p>\n<p style=\"text-align: justify;\">SEANCE ENFANT &#8211; <strong>45 \u20ac<\/strong><\/p>\n<p style=\"text-align: justify;\">SEANCE ADULTE &#8211; <strong>50 \u20ac<\/strong><\/p>\n<p style=\"text-align: justify;\">SEANCE en NEUROFEEDBACK DYNAMIQUE &#8211; <strong>50 \u20ac<\/strong><\/p>\n<p style=\"text-align: justify;\">REUNION (partenaires scolaire, m\u00e9dical \/d\u00e9placement inclus) &#8211; <strong>45 \u20ac<\/strong><\/p>\n","protected":false},"excerpt":{"rendered":"<p>C&rsquo;EST QUOI ? La psychomotricit\u00e9 est une approche holistique de la personne o\u00f9 les interactions entre la vie psychique (\u00e9motions, compr\u00e9hension, imagination, intention, inconscient\u2026), le d\u00e9veloppement moteur, sensoriel et perceptivo-moteur (tonus, postures, mouvements\u2026) sont constantes. Le mat\u00e9riel clinique des psychomotriciens repose sur l\u2019\u00e9valuation de diff\u00e9rentes notions : l\u2019axe corporel, la perception sensori-motrice, la m\u00e9moire corporelle, &hellip; <a href=\"http:\/\/psychomotricien-lille.fr\/?page_id=147\" class=\"more-link\">Continuer la lecture de <span class=\"screen-reader-text\">Psychomotricit\u00e9<\/span> <span class=\"meta-nav\">&rarr;<\/span><\/a><\/p>\n","protected":false},"author":1,"featured_media":0,"parent":0,"menu_order":2,"comment_status":"closed","ping_status":"closed","template":"","meta":[],"_links":{"self":[{"href":"http:\/\/psychomotricien-lille.fr\/index.php?rest_route=\/wp\/v2\/pages\/147"}],"collection":[{"href":"http:\/\/psychomotricien-lille.fr\/index.php?rest_route=\/wp\/v2\/pages"}],"about":[{"href":"http:\/\/psychomotricien-lille.fr\/index.php?rest_route=\/wp\/v2\/types\/page"}],"author":[{"embeddable":true,"href":"http:\/\/psychomotricien-lille.fr\/index.php?rest_route=\/wp\/v2\/users\/1"}],"replies":[{"embeddable":true,"href":"http:\/\/psychomotricien-lille.fr\/index.php?rest_route=%2Fwp%2Fv2%2Fcomments&post=147"}],"version-history":[{"count":31,"href":"http:\/\/psychomotricien-lille.fr\/index.php?rest_route=\/wp\/v2\/pages\/147\/revisions"}],"predecessor-version":[{"id":877,"href":"http:\/\/psychomotricien-lille.fr\/index.php?rest_route=\/wp\/v2\/pages\/147\/revisions\/877"}],"wp:attachment":[{"href":"http:\/\/psychomotricien-lille.fr\/index.php?rest_route=%2Fwp%2Fv2%2Fmedia&parent=147"}],"curies":[{"name":"wp","href":"https:\/\/api.w.org\/{rel}","templated":true}]}}